{"id":39,"date":"2025-07-01T12:43:54","date_gmt":"2025-07-01T12:43:54","guid":{"rendered":"https:\/\/mkcars.hosting24.pl\/?page_id=39"},"modified":"2025-07-30T16:10:10","modified_gmt":"2025-07-30T16:10:10","slug":"oferta","status":"publish","type":"page","link":"https:\/\/mkcarsrental.pl\/index.php\/oferta\/","title":{"rendered":"Oferta"},"content":{"rendered":"\t\t<div data-elementor-type=\"wp-page\" data-elementor-id=\"39\" class=\"elementor elementor-39\" data-elementor-post-type=\"page\">\n\t\t\t\t<div class=\"elementor-element elementor-element-7eb7a6d e-flex e-con-boxed e-con e-parent\" data-id=\"7eb7a6d\" data-element_type=\"container\" id=\"#onas\" data-settings=\"{&quot;background_background&quot;:&quot;classic&quot;}\">\n\t\t\t\t\t<div class=\"e-con-inner\">\n\t\t\t\t<div class=\"elementor-element elementor-element-8f93f0a animated-slow elementor-view-default elementor-position-top elementor-mobile-position-top elementor-invisible elementor-widget elementor-widget-icon-box\" data-id=\"8f93f0a\" data-element_type=\"widget\" data-settings=\"{&quot;_animation&quot;:&quot;fadeIn&quot;,&quot;_animation_delay&quot;:500}\" data-widget_type=\"icon-box.default\">\n\t\t\t\t<div class=\"elementor-widget-container\">\n\t\t\t\t\t\t\t<div class=\"elementor-icon-box-wrapper\">\n\n\t\t\t\t\t\t<div class=\"elementor-icon-box-icon\">\n\t\t\t\t<span  class=\"elementor-icon\">\n\t\t\t\t<svg aria-hidden=\"true\" class=\"e-font-icon-svg e-fas-car\" viewBox=\"0 0 512 512\" xmlns=\"http:\/\/www.w3.org\/2000\/svg\"><path d=\"M499.99 176h-59.87l-16.64-41.6C406.38 91.63 365.57 64 319.5 64h-127c-46.06 0-86.88 27.63-103.99 70.4L71.87 176H12.01C4.2 176-1.53 183.34.37 190.91l6 24C7.7 220.25 12.5 224 18.01 224h20.07C24.65 235.73 16 252.78 16 272v48c0 16.12 6.16 30.67 16 41.93V416c0 17.67 14.33 32 32 32h32c17.67 0 32-14.33 32-32v-32h256v32c0 17.67 14.33 32 32 32h32c17.67 0 32-14.33 32-32v-54.07c9.84-11.25 16-25.8 16-41.93v-48c0-19.22-8.65-36.27-22.07-48H494c5.51 0 10.31-3.75 11.64-9.09l6-24c1.89-7.57-3.84-14.91-11.65-14.91zm-352.06-17.83c7.29-18.22 24.94-30.17 44.57-30.17h127c19.63 0 37.28 11.95 44.57 30.17L384 208H128l19.93-49.83zM96 319.8c-19.2 0-32-12.76-32-31.9S76.8 256 96 256s48 28.71 48 47.85-28.8 15.95-48 15.95zm320 0c-19.2 0-48 3.19-48-15.95S396.8 256 416 256s32 12.76 32 31.9-12.8 31.9-32 31.9z\"><\/path><\/svg>\t\t\t\t<\/span>\n\t\t\t<\/div>\n\t\t\t\n\t\t\t\t\t\t<div class=\"elementor-icon-box-content\">\n\n\t\t\t\t\t\t\t\t\t<h3 class=\"elementor-icon-box-title\">\n\t\t\t\t\t\t<span  >\n\t\t\t\t\t\t\tZapraszamy do zapoznania si\u0119 z nasz\u0105 ofert\u0105.\t\t\t\t\t\t<\/span>\n\t\t\t\t\t<\/h3>\n\t\t\t\t\n\t\t\t\t\t\t\t\t\t<p class=\"elementor-icon-box-description\">\n\t\t\t\t\t\tPoni\u017cej znajd\u0105 Pa\u0144stwo list\u0119 dost\u0119pnych pojazd\u00f3w na wynajem.\t\t\t\t\t<\/p>\n\t\t\t\t\n\t\t\t<\/div>\n\t\t\t\n\t\t<\/div>\n\t\t\t\t\t\t<\/div>\n\t\t\t\t<\/div>\n\t\t\t\t<div class=\"elementor-element elementor-element-4b4ed7c elementor-align-center animated-slow elementor-invisible elementor-widget elementor-widget-button\" data-id=\"4b4ed7c\" data-element_type=\"widget\" data-settings=\"{&quot;_animation&quot;:&quot;fadeIn&quot;}\" data-widget_type=\"button.default\">\n\t\t\t\t<div class=\"elementor-widget-container\">\n\t\t\t\t\t\t\t\t\t<div class=\"elementor-button-wrapper\">\n\t\t\t\t\t<a class=\"elementor-button elementor-button-link elementor-size-sm\" href=\"http:\/\/mkcarsrental.pl\/#kontakt\">\n\t\t\t\t\t\t<span class=\"elementor-button-content-wrapper\">\n\t\t\t\t\t\t\t\t\t<span class=\"elementor-button-text\">Zapraszamy do kontaktu<\/span>\n\t\t\t\t\t<\/span>\n\t\t\t\t\t<\/a>\n\t\t\t\t<\/div>\n\t\t\t\t\t\t\t\t<\/div>\n\t\t\t\t<\/div>\n\t\t\t\t\t<\/div>\n\t\t\t\t<\/div>\n\t\t<div class=\"elementor-element elementor-element-f21c643 e-flex e-con-boxed e-con e-parent\" data-id=\"f21c643\" data-element_type=\"container\" id=\"#oferta\">\n\t\t\t\t\t<div class=\"e-con-inner\">\n\t\t\t\t<div class=\"elementor-element elementor-element-9ca56dd elementor-widget elementor-widget-spacer\" data-id=\"9ca56dd\" data-element_type=\"widget\" data-widget_type=\"spacer.default\">\n\t\t\t\t<div class=\"elementor-widget-container\">\n\t\t\t\t\t\t\t<div class=\"elementor-spacer\">\n\t\t\t<div class=\"elementor-spacer-inner\"><\/div>\n\t\t<\/div>\n\t\t\t\t\t\t<\/div>\n\t\t\t\t<\/div>\n\t\t\t\t\t<\/div>\n\t\t\t\t<\/div>\n\t\t<div class=\"elementor-element elementor-element-1bf010a e-flex e-con-boxed e-con e-parent\" data-id=\"1bf010a\" data-element_type=\"container\">\n\t\t\t\t\t<div class=\"e-con-inner\">\n\t\t\t\t<div class=\"elementor-element elementor-element-e44399a elementor-widget elementor-widget-heading\" data-id=\"e44399a\" data-element_type=\"widget\" data-widget_type=\"heading.default\">\n\t\t\t\t<div class=\"elementor-widget-container\">\n\t\t\t\t\t<h2 class=\"elementor-heading-title elementor-size-default\">Nasza Oferta:<\/h2>\t\t\t\t<\/div>\n\t\t\t\t<\/div>\n\t\t\t\t\t<\/div>\n\t\t\t\t<\/div>\n\t\t<div class=\"elementor-element elementor-element-78ddfe2 e-flex e-con-boxed e-con e-parent\" data-id=\"78ddfe2\" data-element_type=\"container\">\n\t\t\t\t\t<div class=\"e-con-inner\">\n\t\t<div class=\"elementor-element elementor-element-d873a18 e-con-full e-flex e-con e-child\" data-id=\"d873a18\" data-element_type=\"container\">\n\t\t<div class=\"elementor-element elementor-element-9c14ceb e-con-full e-flex e-con e-child\" data-id=\"9c14ceb\" data-element_type=\"container\">\n\t\t\t\t<div class=\"elementor-element elementor-element-2a84f2d elementor-widget elementor-widget-text-editor\" data-id=\"2a84f2d\" data-element_type=\"widget\" data-widget_type=\"text-editor.default\">\n\t\t\t\t<div class=\"elementor-widget-container\">\n\t\t\t\t\t\t\t\t\t<p>Najmniejsze auto w naszej ofercie<\/p><p>Wyposa\u017cony m.in. w: <br \/>&#8211; manualn\u0105 skrzyni\u0119 bieg\u00f3w i bardzo oszcz\u0119dny silnik benzynowy <br \/>&#8211; klimatyzacja <br \/>&#8211; elektryczne szyby <br \/>&#8211; radio z Bluetooth<\/p>\t\t\t\t\t\t\t\t<\/div>\n\t\t\t\t<\/div>\n\t\t\t\t<\/div>\n\t\t<div class=\"elementor-element elementor-element-110f5f4 e-con-full e-flex e-con e-child\" data-id=\"110f5f4\" data-element_type=\"container\">\n\t\t\t\t<div class=\"elementor-element elementor-element-41f6c8f animated-slow elementor-invisible elementor-widget elementor-widget-image\" data-id=\"41f6c8f\" data-element_type=\"widget\" data-settings=\"{&quot;_animation&quot;:&quot;fadeIn&quot;}\" data-widget_type=\"image.default\">\n\t\t\t\t<div class=\"elementor-widget-container\">\n\t\t\t\t\t\t\t\t\t\t\t\t\t\t\t<img fetchpriority=\"high\" decoding=\"async\" width=\"1682\" height=\"1042\" src=\"https:\/\/mkcarsrental.pl\/wp-content\/uploads\/2025\/07\/twingo.png\" class=\"attachment-full size-full wp-image-328\" alt=\"\" srcset=\"https:\/\/mkcarsrental.pl\/wp-content\/uploads\/2025\/07\/twingo.png 1682w, https:\/\/mkcarsrental.pl\/wp-content\/uploads\/2025\/07\/twingo-300x186.png 300w, https:\/\/mkcarsrental.pl\/wp-content\/uploads\/2025\/07\/twingo-1024x634.png 1024w, https:\/\/mkcarsrental.pl\/wp-content\/uploads\/2025\/07\/twingo-768x476.png 768w, https:\/\/mkcarsrental.pl\/wp-content\/uploads\/2025\/07\/twingo-1536x952.png 1536w\" sizes=\"(max-width: 1682px) 100vw, 1682px\" \/>\t\t\t\t\t\t\t\t\t\t\t\t\t\t\t<\/div>\n\t\t\t\t<\/div>\n\t\t\t\t<\/div>\n\t\t\t\t<\/div>\n\t\t\t\t\t<\/div>\n\t\t\t\t<\/div>\n\t\t<div class=\"elementor-element elementor-element-a36894e e-flex e-con-boxed e-con e-parent\" data-id=\"a36894e\" data-element_type=\"container\">\n\t\t\t\t\t<div class=\"e-con-inner\">\n\t\t\t\t<div class=\"elementor-element elementor-element-fad6a18 animated-slow elementor-widget-divider--view-line elementor-invisible elementor-widget elementor-widget-divider\" data-id=\"fad6a18\" data-element_type=\"widget\" data-settings=\"{&quot;_animation&quot;:&quot;fadeIn&quot;}\" data-widget_type=\"divider.default\">\n\t\t\t\t<div class=\"elementor-widget-container\">\n\t\t\t\t\t\t\t<div class=\"elementor-divider\">\n\t\t\t<span class=\"elementor-divider-separator\">\n\t\t\t\t\t\t<\/span>\n\t\t<\/div>\n\t\t\t\t\t\t<\/div>\n\t\t\t\t<\/div>\n\t\t\t\t\t<\/div>\n\t\t\t\t<\/div>\n\t\t<div class=\"elementor-element elementor-element-5eef3ca e-flex e-con-boxed e-con e-parent\" data-id=\"5eef3ca\" data-element_type=\"container\">\n\t\t\t\t\t<div class=\"e-con-inner\">\n\t\t<div class=\"elementor-element elementor-element-04b84c7 e-con-full e-flex e-con e-child\" data-id=\"04b84c7\" data-element_type=\"container\">\n\t\t\t\t<div class=\"elementor-element elementor-element-682d2e6 elementor-widget elementor-widget-text-editor\" data-id=\"682d2e6\" data-element_type=\"widget\" data-widget_type=\"text-editor.default\">\n\t\t\t\t<div class=\"elementor-widget-container\">\n\t\t\t\t\t\t\t\t\t<p>Ma\u0142y miejski samoch\u00f3d z bardzo bogatym wyposa\u017ceniem m.in. : <br \/>&#8211; manualna skrzynia bieg\u00f3w i oszcz\u0119dny silnik benzynowy <br \/>&#8211; podgrzewana kierownica <br \/>&#8211; podgrzewane przednie fotele <br \/>&#8211; klimatyzacja <br \/>&#8211; dodatkowe wspomaganie kierownicy do manewrowania na parkingu<\/p>\t\t\t\t\t\t\t\t<\/div>\n\t\t\t\t<\/div>\n\t\t\t\t<\/div>\n\t\t<div class=\"elementor-element elementor-element-2aa5be8 e-con-full e-flex e-con e-child\" data-id=\"2aa5be8\" data-element_type=\"container\">\n\t\t\t\t<div class=\"elementor-element elementor-element-1f3436b animated-slow elementor-invisible elementor-widget elementor-widget-image\" data-id=\"1f3436b\" data-element_type=\"widget\" data-settings=\"{&quot;_animation&quot;:&quot;fadeIn&quot;}\" data-widget_type=\"image.default\">\n\t\t\t\t<div class=\"elementor-widget-container\">\n\t\t\t\t\t\t\t\t\t\t\t\t\t\t\t<img decoding=\"async\" width=\"1680\" height=\"1041\" src=\"https:\/\/mkcarsrental.pl\/wp-content\/uploads\/2025\/07\/corsa.png\" class=\"attachment-full size-full wp-image-348\" alt=\"\" srcset=\"https:\/\/mkcarsrental.pl\/wp-content\/uploads\/2025\/07\/corsa.png 1680w, https:\/\/mkcarsrental.pl\/wp-content\/uploads\/2025\/07\/corsa-300x186.png 300w, https:\/\/mkcarsrental.pl\/wp-content\/uploads\/2025\/07\/corsa-1024x635.png 1024w, https:\/\/mkcarsrental.pl\/wp-content\/uploads\/2025\/07\/corsa-768x476.png 768w, https:\/\/mkcarsrental.pl\/wp-content\/uploads\/2025\/07\/corsa-1536x952.png 1536w\" sizes=\"(max-width: 1680px) 100vw, 1680px\" \/>\t\t\t\t\t\t\t\t\t\t\t\t\t\t\t<\/div>\n\t\t\t\t<\/div>\n\t\t\t\t<\/div>\n\t\t\t\t\t<\/div>\n\t\t\t\t<\/div>\n\t\t<div class=\"elementor-element elementor-element-e3074fc e-flex e-con-boxed e-con e-parent\" data-id=\"e3074fc\" data-element_type=\"container\">\n\t\t\t\t\t<div class=\"e-con-inner\">\n\t\t\t\t<div class=\"elementor-element elementor-element-9b4a058 animated-slow elementor-widget-divider--view-line elementor-invisible elementor-widget elementor-widget-divider\" data-id=\"9b4a058\" data-element_type=\"widget\" data-settings=\"{&quot;_animation&quot;:&quot;fadeIn&quot;}\" data-widget_type=\"divider.default\">\n\t\t\t\t<div class=\"elementor-widget-container\">\n\t\t\t\t\t\t\t<div class=\"elementor-divider\">\n\t\t\t<span class=\"elementor-divider-separator\">\n\t\t\t\t\t\t<\/span>\n\t\t<\/div>\n\t\t\t\t\t\t<\/div>\n\t\t\t\t<\/div>\n\t\t\t\t\t<\/div>\n\t\t\t\t<\/div>\n\t\t<div class=\"elementor-element elementor-element-6bca255 e-flex e-con-boxed e-con e-parent\" data-id=\"6bca255\" data-element_type=\"container\">\n\t\t\t\t\t<div class=\"e-con-inner\">\n\t\t<div class=\"elementor-element elementor-element-007f4a5 e-con-full e-flex e-con e-child\" data-id=\"007f4a5\" data-element_type=\"container\">\n\t\t\t\t<div class=\"elementor-element elementor-element-eebd510 elementor-widget elementor-widget-text-editor\" data-id=\"eebd510\" data-element_type=\"widget\" data-widget_type=\"text-editor.default\">\n\t\t\t\t<div class=\"elementor-widget-container\">\n\t\t\t\t\t\t\t\t\t<p>\u00a0<\/p><p><span style=\"font-weight: 400;\">Wyposa\u017cony m.in. w :<\/span><\/p><p><span style=\"font-weight: 400;\">&#8211; manualn\u0105 6-cio biegow\u0105 skrzyni\u0119 <br \/>&#8211; bardzo oszcz\u0119dny silnik diesla<br \/><\/span><span style=\"font-weight: 400;\">&#8211; dwustrefowa klimatyzacja <\/span><\/p>\t\t\t\t\t\t\t\t<\/div>\n\t\t\t\t<\/div>\n\t\t\t\t<\/div>\n\t\t<div class=\"elementor-element elementor-element-adb4c28 e-con-full e-flex e-con e-child\" data-id=\"adb4c28\" data-element_type=\"container\">\n\t\t\t\t<div class=\"elementor-element elementor-element-bb4307f animated-slow elementor-invisible elementor-widget elementor-widget-image\" data-id=\"bb4307f\" data-element_type=\"widget\" data-settings=\"{&quot;_animation&quot;:&quot;fadeIn&quot;}\" data-widget_type=\"image.default\">\n\t\t\t\t<div class=\"elementor-widget-container\">\n\t\t\t\t\t\t\t\t\t\t\t\t\t\t\t<img decoding=\"async\" width=\"1681\" height=\"1041\" src=\"https:\/\/mkcarsrental.pl\/wp-content\/uploads\/2025\/07\/renault-megane.png\" class=\"attachment-full size-full wp-image-326\" alt=\"\" srcset=\"https:\/\/mkcarsrental.pl\/wp-content\/uploads\/2025\/07\/renault-megane.png 1681w, https:\/\/mkcarsrental.pl\/wp-content\/uploads\/2025\/07\/renault-megane-300x186.png 300w, https:\/\/mkcarsrental.pl\/wp-content\/uploads\/2025\/07\/renault-megane-1024x634.png 1024w, https:\/\/mkcarsrental.pl\/wp-content\/uploads\/2025\/07\/renault-megane-768x476.png 768w, https:\/\/mkcarsrental.pl\/wp-content\/uploads\/2025\/07\/renault-megane-1536x951.png 1536w\" sizes=\"(max-width: 1681px) 100vw, 1681px\" \/>\t\t\t\t\t\t\t\t\t\t\t\t\t\t\t<\/div>\n\t\t\t\t<\/div>\n\t\t\t\t<\/div>\n\t\t\t\t\t<\/div>\n\t\t\t\t<\/div>\n\t\t<div class=\"elementor-element elementor-element-0c5ee4d e-flex e-con-boxed e-con e-parent\" data-id=\"0c5ee4d\" data-element_type=\"container\">\n\t\t\t\t\t<div class=\"e-con-inner\">\n\t\t\t\t<div class=\"elementor-element elementor-element-61e8bf0 animated-slow elementor-widget-divider--view-line elementor-invisible elementor-widget elementor-widget-divider\" data-id=\"61e8bf0\" data-element_type=\"widget\" data-settings=\"{&quot;_animation&quot;:&quot;fadeIn&quot;}\" data-widget_type=\"divider.default\">\n\t\t\t\t<div class=\"elementor-widget-container\">\n\t\t\t\t\t\t\t<div class=\"elementor-divider\">\n\t\t\t<span class=\"elementor-divider-separator\">\n\t\t\t\t\t\t<\/span>\n\t\t<\/div>\n\t\t\t\t\t\t<\/div>\n\t\t\t\t<\/div>\n\t\t\t\t\t<\/div>\n\t\t\t\t<\/div>\n\t\t<div class=\"elementor-element elementor-element-9595266 e-flex e-con-boxed e-con e-parent\" data-id=\"9595266\" data-element_type=\"container\">\n\t\t\t\t\t<div class=\"e-con-inner\">\n\t\t<div class=\"elementor-element elementor-element-cb57de4 e-con-full e-flex e-con e-child\" data-id=\"cb57de4\" data-element_type=\"container\">\n\t\t\t\t<div class=\"elementor-element elementor-element-37a780d elementor-widget elementor-widget-text-editor\" data-id=\"37a780d\" data-element_type=\"widget\" data-widget_type=\"text-editor.default\">\n\t\t\t\t<div class=\"elementor-widget-container\">\n\t\t\t\t\t\t\t\t\t<p>Wyposa\u017cony m.in. w : <br \/>&#8211; automatyczn\u0105 skrzyni\u0119 bieg\u00f3w i dynamiczny silnik benzynowy <br \/>&#8211; klimatyzacja <br \/>&#8211; asystent pasa ruchu<br \/>&#8211; czujniki parkowania<br \/>&#8211; dotykowy ekran<\/p>\t\t\t\t\t\t\t\t<\/div>\n\t\t\t\t<\/div>\n\t\t\t\t<\/div>\n\t\t<div class=\"elementor-element elementor-element-17c895d e-con-full e-flex e-con e-child\" data-id=\"17c895d\" data-element_type=\"container\">\n\t\t\t\t<div class=\"elementor-element elementor-element-757cf8a animated-slow elementor-invisible elementor-widget elementor-widget-image\" data-id=\"757cf8a\" data-element_type=\"widget\" data-settings=\"{&quot;_animation&quot;:&quot;fadeIn&quot;}\" data-widget_type=\"image.default\">\n\t\t\t\t<div class=\"elementor-widget-container\">\n\t\t\t\t\t\t\t\t\t\t\t\t\t\t\t<img loading=\"lazy\" decoding=\"async\" width=\"1681\" height=\"1041\" src=\"https:\/\/mkcarsrental.pl\/wp-content\/uploads\/2025\/07\/peugeot-A.png\" class=\"attachment-full size-full wp-image-145\" alt=\"\" srcset=\"https:\/\/mkcarsrental.pl\/wp-content\/uploads\/2025\/07\/peugeot-A.png 1681w, https:\/\/mkcarsrental.pl\/wp-content\/uploads\/2025\/07\/peugeot-A-300x186.png 300w, https:\/\/mkcarsrental.pl\/wp-content\/uploads\/2025\/07\/peugeot-A-1024x634.png 1024w, https:\/\/mkcarsrental.pl\/wp-content\/uploads\/2025\/07\/peugeot-A-768x476.png 768w, https:\/\/mkcarsrental.pl\/wp-content\/uploads\/2025\/07\/peugeot-A-1536x951.png 1536w\" sizes=\"(max-width: 1681px) 100vw, 1681px\" \/>\t\t\t\t\t\t\t\t\t\t\t\t\t\t\t<\/div>\n\t\t\t\t<\/div>\n\t\t\t\t<\/div>\n\t\t\t\t\t<\/div>\n\t\t\t\t<\/div>\n\t\t<div class=\"elementor-element elementor-element-c615aad e-flex e-con-boxed e-con e-parent\" data-id=\"c615aad\" data-element_type=\"container\">\n\t\t\t\t\t<div class=\"e-con-inner\">\n\t\t\t\t<div class=\"elementor-element elementor-element-d33c24e animated-slow elementor-widget-divider--view-line elementor-invisible elementor-widget elementor-widget-divider\" data-id=\"d33c24e\" data-element_type=\"widget\" data-settings=\"{&quot;_animation&quot;:&quot;fadeIn&quot;}\" data-widget_type=\"divider.default\">\n\t\t\t\t<div class=\"elementor-widget-container\">\n\t\t\t\t\t\t\t<div class=\"elementor-divider\">\n\t\t\t<span class=\"elementor-divider-separator\">\n\t\t\t\t\t\t<\/span>\n\t\t<\/div>\n\t\t\t\t\t\t<\/div>\n\t\t\t\t<\/div>\n\t\t\t\t\t<\/div>\n\t\t\t\t<\/div>\n\t\t<div class=\"elementor-element elementor-element-6468b77 e-flex e-con-boxed e-con e-parent\" data-id=\"6468b77\" data-element_type=\"container\">\n\t\t\t\t\t<div class=\"e-con-inner\">\n\t\t<div class=\"elementor-element elementor-element-ef466fd e-con-full e-flex e-con e-child\" data-id=\"ef466fd\" data-element_type=\"container\">\n\t\t\t\t<div class=\"elementor-element elementor-element-a1ba02a elementor-widget elementor-widget-text-editor\" data-id=\"a1ba02a\" data-element_type=\"widget\" data-widget_type=\"text-editor.default\">\n\t\t\t\t<div class=\"elementor-widget-container\">\n\t\t\t\t\t\t\t\t\t<p>Wyposa\u017cony m.in. w :<br \/>&#8211; automatyczn\u0105 skrzyni\u0119 bieg\u00f3w<br \/>i dynamiczny silnik benzynowy<br \/>&#8211; klimatyzacja<br \/>&#8211; aktywny tempomat<br \/>&#8211; asystent pasa ruchu<br \/>&#8211; czujniki parkowania<br \/>&#8211; kamera cofania<br \/>&#8211; virtual cockpit<br \/>&#8211; dotykowy ekran<br \/>&#8211; podgrzewane fotele przednie<br \/>&#8211; podgrzewana przednia szyba<\/p>\t\t\t\t\t\t\t\t<\/div>\n\t\t\t\t<\/div>\n\t\t\t\t<\/div>\n\t\t<div class=\"elementor-element elementor-element-c558f88 e-con-full e-flex e-con e-child\" data-id=\"c558f88\" data-element_type=\"container\">\n\t\t\t\t<div class=\"elementor-element elementor-element-479d5fd animated-slow elementor-invisible elementor-widget elementor-widget-image\" data-id=\"479d5fd\" data-element_type=\"widget\" data-settings=\"{&quot;_animation&quot;:&quot;fadeIn&quot;}\" data-widget_type=\"image.default\">\n\t\t\t\t<div class=\"elementor-widget-container\">\n\t\t\t\t\t\t\t\t\t\t\t\t\t\t\t<img loading=\"lazy\" decoding=\"async\" width=\"1441\" height=\"893\" src=\"https:\/\/mkcarsrental.pl\/wp-content\/uploads\/2025\/07\/peugeot-2008-gt.png\" class=\"attachment-full size-full wp-image-53\" alt=\"\" srcset=\"https:\/\/mkcarsrental.pl\/wp-content\/uploads\/2025\/07\/peugeot-2008-gt.png 1441w, https:\/\/mkcarsrental.pl\/wp-content\/uploads\/2025\/07\/peugeot-2008-gt-300x186.png 300w, https:\/\/mkcarsrental.pl\/wp-content\/uploads\/2025\/07\/peugeot-2008-gt-1024x635.png 1024w, https:\/\/mkcarsrental.pl\/wp-content\/uploads\/2025\/07\/peugeot-2008-gt-768x476.png 768w\" sizes=\"(max-width: 1441px) 100vw, 1441px\" \/>\t\t\t\t\t\t\t\t\t\t\t\t\t\t\t<\/div>\n\t\t\t\t<\/div>\n\t\t\t\t<\/div>\n\t\t\t\t\t<\/div>\n\t\t\t\t<\/div>\n\t\t<div class=\"elementor-element elementor-element-3676088 e-flex e-con-boxed e-con e-parent\" data-id=\"3676088\" data-element_type=\"container\">\n\t\t\t\t\t<div class=\"e-con-inner\">\n\t\t\t\t<div class=\"elementor-element elementor-element-0a8a450 animated-slow elementor-widget-divider--view-line elementor-invisible elementor-widget elementor-widget-divider\" data-id=\"0a8a450\" data-element_type=\"widget\" data-settings=\"{&quot;_animation&quot;:&quot;fadeIn&quot;}\" data-widget_type=\"divider.default\">\n\t\t\t\t<div class=\"elementor-widget-container\">\n\t\t\t\t\t\t\t<div class=\"elementor-divider\">\n\t\t\t<span class=\"elementor-divider-separator\">\n\t\t\t\t\t\t<\/span>\n\t\t<\/div>\n\t\t\t\t\t\t<\/div>\n\t\t\t\t<\/div>\n\t\t\t\t\t<\/div>\n\t\t\t\t<\/div>\n\t\t<div class=\"elementor-element elementor-element-b94ee67 e-flex e-con-boxed e-con e-parent\" data-id=\"b94ee67\" data-element_type=\"container\">\n\t\t\t\t\t<div class=\"e-con-inner\">\n\t\t<div class=\"elementor-element elementor-element-7865ba9 e-con-full e-flex e-con e-child\" data-id=\"7865ba9\" data-element_type=\"container\">\n\t\t\t\t<div class=\"elementor-element elementor-element-0f8b979 elementor-widget elementor-widget-text-editor\" data-id=\"0f8b979\" data-element_type=\"widget\" data-widget_type=\"text-editor.default\">\n\t\t\t\t<div class=\"elementor-widget-container\">\n\t\t\t\t\t\t\t\t\t<p>Wyposa\u017cony m.in. w :<br \/>&#8211; pakiet sport (charakteryzuje si\u0119 mocniejszym turbodo\u0142adowanym silnikiem benzynowym i sportowym wygl\u0105dem )<br \/>&#8211; 6-cio biegow\u0105 manualn\u0105 skrzyni\u0119 bieg\u00f3w <br \/>&#8211; dwustrefowa klimatyzacja <br \/>&#8211; podgrzewane fotele <br \/>&#8211; du\u017cy ekran z dotykowym ekranem<\/p>\t\t\t\t\t\t\t\t<\/div>\n\t\t\t\t<\/div>\n\t\t\t\t<\/div>\n\t\t<div class=\"elementor-element elementor-element-86dc0de e-con-full e-flex e-con e-child\" data-id=\"86dc0de\" data-element_type=\"container\">\n\t\t\t\t<div class=\"elementor-element elementor-element-f0c992f animated-slow elementor-invisible elementor-widget elementor-widget-image\" data-id=\"f0c992f\" data-element_type=\"widget\" data-settings=\"{&quot;_animation&quot;:&quot;fadeIn&quot;}\" data-widget_type=\"image.default\">\n\t\t\t\t<div class=\"elementor-widget-container\">\n\t\t\t\t\t\t\t\t\t\t\t\t\t\t\t<img loading=\"lazy\" decoding=\"async\" width=\"1681\" height=\"1041\" src=\"https:\/\/mkcarsrental.pl\/wp-content\/uploads\/2025\/07\/swift.png\" class=\"attachment-full size-full wp-image-336\" alt=\"\" srcset=\"https:\/\/mkcarsrental.pl\/wp-content\/uploads\/2025\/07\/swift.png 1681w, https:\/\/mkcarsrental.pl\/wp-content\/uploads\/2025\/07\/swift-300x186.png 300w, https:\/\/mkcarsrental.pl\/wp-content\/uploads\/2025\/07\/swift-1024x634.png 1024w, https:\/\/mkcarsrental.pl\/wp-content\/uploads\/2025\/07\/swift-768x476.png 768w, https:\/\/mkcarsrental.pl\/wp-content\/uploads\/2025\/07\/swift-1536x951.png 1536w\" sizes=\"(max-width: 1681px) 100vw, 1681px\" \/>\t\t\t\t\t\t\t\t\t\t\t\t\t\t\t<\/div>\n\t\t\t\t<\/div>\n\t\t\t\t<\/div>\n\t\t\t\t\t<\/div>\n\t\t\t\t<\/div>\n\t\t<div class=\"elementor-element elementor-element-077c57f e-flex e-con-boxed e-con e-parent\" data-id=\"077c57f\" data-element_type=\"container\">\n\t\t\t\t\t<div class=\"e-con-inner\">\n\t\t\t\t<div class=\"elementor-element elementor-element-9127dda animated-slow elementor-widget-divider--view-line elementor-invisible elementor-widget elementor-widget-divider\" data-id=\"9127dda\" data-element_type=\"widget\" data-settings=\"{&quot;_animation&quot;:&quot;fadeIn&quot;}\" data-widget_type=\"divider.default\">\n\t\t\t\t<div class=\"elementor-widget-container\">\n\t\t\t\t\t\t\t<div class=\"elementor-divider\">\n\t\t\t<span class=\"elementor-divider-separator\">\n\t\t\t\t\t\t<\/span>\n\t\t<\/div>\n\t\t\t\t\t\t<\/div>\n\t\t\t\t<\/div>\n\t\t\t\t\t<\/div>\n\t\t\t\t<\/div>\n\t\t<div class=\"elementor-element elementor-element-987727b e-flex e-con-boxed e-con e-parent\" data-id=\"987727b\" data-element_type=\"container\">\n\t\t\t\t\t<div class=\"e-con-inner\">\n\t\t<div class=\"elementor-element elementor-element-e1c2a68 e-con-full e-flex e-con e-child\" data-id=\"e1c2a68\" data-element_type=\"container\">\n\t\t\t\t<div class=\"elementor-element elementor-element-cf67af6 elementor-widget elementor-widget-text-editor\" data-id=\"cf67af6\" data-element_type=\"widget\" data-widget_type=\"text-editor.default\">\n\t\t\t\t<div class=\"elementor-widget-container\">\n\t\t\t\t\t\t\t\t\t<p>Wyposa\u017cony m.in. w :<br \/>&#8211; automatyczn\u0105 skrzyni\u0119 bieg\u00f3w <br \/>&#8211; oszcz\u0119dny silnik benzynowy <br \/>&#8211; dwustrefowa klimatyzacja <br \/>&#8211; radio z Bluetooth <br \/>&#8211; isofix<br \/>&#8211; tempomat<br \/>&#8211; \u015bwiat\u0142a led<\/p>\t\t\t\t\t\t\t\t<\/div>\n\t\t\t\t<\/div>\n\t\t\t\t<\/div>\n\t\t<div class=\"elementor-element elementor-element-e276319 e-con-full e-flex e-con e-child\" data-id=\"e276319\" data-element_type=\"container\">\n\t\t\t\t<div class=\"elementor-element elementor-element-4a7aa2c animated-slow elementor-invisible elementor-widget elementor-widget-image\" data-id=\"4a7aa2c\" data-element_type=\"widget\" data-settings=\"{&quot;_animation&quot;:&quot;fadeIn&quot;}\" data-widget_type=\"image.default\">\n\t\t\t\t<div class=\"elementor-widget-container\">\n\t\t\t\t\t\t\t\t\t\t\t\t\t\t\t<img loading=\"lazy\" decoding=\"async\" width=\"1682\" height=\"1042\" src=\"https:\/\/mkcarsrental.pl\/wp-content\/uploads\/2025\/07\/qashquai.png\" class=\"attachment-full size-full wp-image-327\" alt=\"\" srcset=\"https:\/\/mkcarsrental.pl\/wp-content\/uploads\/2025\/07\/qashquai.png 1682w, https:\/\/mkcarsrental.pl\/wp-content\/uploads\/2025\/07\/qashquai-300x186.png 300w, https:\/\/mkcarsrental.pl\/wp-content\/uploads\/2025\/07\/qashquai-1024x634.png 1024w, https:\/\/mkcarsrental.pl\/wp-content\/uploads\/2025\/07\/qashquai-768x476.png 768w, https:\/\/mkcarsrental.pl\/wp-content\/uploads\/2025\/07\/qashquai-1536x952.png 1536w\" sizes=\"(max-width: 1682px) 100vw, 1682px\" \/>\t\t\t\t\t\t\t\t\t\t\t\t\t\t\t<\/div>\n\t\t\t\t<\/div>\n\t\t\t\t<\/div>\n\t\t\t\t\t<\/div>\n\t\t\t\t<\/div>\n\t\t<div class=\"elementor-element elementor-element-5971138 e-flex e-con-boxed e-con e-parent\" data-id=\"5971138\" data-element_type=\"container\">\n\t\t\t\t\t<div class=\"e-con-inner\">\n\t\t\t\t<div class=\"elementor-element elementor-element-77930c1 animated-slow elementor-widget-divider--view-line elementor-invisible elementor-widget elementor-widget-divider\" data-id=\"77930c1\" data-element_type=\"widget\" data-settings=\"{&quot;_animation&quot;:&quot;fadeIn&quot;}\" data-widget_type=\"divider.default\">\n\t\t\t\t<div class=\"elementor-widget-container\">\n\t\t\t\t\t\t\t<div class=\"elementor-divider\">\n\t\t\t<span class=\"elementor-divider-separator\">\n\t\t\t\t\t\t<\/span>\n\t\t<\/div>\n\t\t\t\t\t\t<\/div>\n\t\t\t\t<\/div>\n\t\t\t\t\t<\/div>\n\t\t\t\t<\/div>\n\t\t<div class=\"elementor-element elementor-element-3ef6933 e-flex e-con-boxed e-con e-parent\" data-id=\"3ef6933\" data-element_type=\"container\">\n\t\t\t\t\t<div class=\"e-con-inner\">\n\t\t<div class=\"elementor-element elementor-element-cb57752 e-con-full e-flex e-con e-child\" data-id=\"cb57752\" data-element_type=\"container\">\n\t\t\t\t<div class=\"elementor-element elementor-element-883314f elementor-widget elementor-widget-text-editor\" data-id=\"883314f\" data-element_type=\"widget\" data-widget_type=\"text-editor.default\">\n\t\t\t\t<div class=\"elementor-widget-container\">\n\t\t\t\t\t\t\t\t\t<p><br \/>Wyposa\u017cony m.in. w: <br \/>&#8211; automatyczn\u0105 skrzyni\u0119 bieg\u00f3w i oszcz\u0119dny silnik diesla <br \/>&#8211; dwustrefowa klimatyzacja <br \/>&#8211; du\u017cy ekran <br \/>&#8211; czujniki parkowania<\/p>\t\t\t\t\t\t\t\t<\/div>\n\t\t\t\t<\/div>\n\t\t\t\t<\/div>\n\t\t<div class=\"elementor-element elementor-element-d1c7db2 e-con-full e-flex e-con e-child\" data-id=\"d1c7db2\" data-element_type=\"container\">\n\t\t\t\t<div class=\"elementor-element elementor-element-df71cf0 animated-slow elementor-invisible elementor-widget elementor-widget-image\" data-id=\"df71cf0\" data-element_type=\"widget\" data-settings=\"{&quot;_animation&quot;:&quot;fadeIn&quot;}\" data-widget_type=\"image.default\">\n\t\t\t\t<div class=\"elementor-widget-container\">\n\t\t\t\t\t\t\t\t\t\t\t\t\t\t\t<img loading=\"lazy\" decoding=\"async\" width=\"1681\" height=\"1041\" src=\"https:\/\/mkcarsrental.pl\/wp-content\/uploads\/2025\/07\/focus-mk4.png\" class=\"attachment-full size-full wp-image-151\" alt=\"\" srcset=\"https:\/\/mkcarsrental.pl\/wp-content\/uploads\/2025\/07\/focus-mk4.png 1681w, https:\/\/mkcarsrental.pl\/wp-content\/uploads\/2025\/07\/focus-mk4-300x186.png 300w, https:\/\/mkcarsrental.pl\/wp-content\/uploads\/2025\/07\/focus-mk4-1024x634.png 1024w, https:\/\/mkcarsrental.pl\/wp-content\/uploads\/2025\/07\/focus-mk4-768x476.png 768w, https:\/\/mkcarsrental.pl\/wp-content\/uploads\/2025\/07\/focus-mk4-1536x951.png 1536w\" sizes=\"(max-width: 1681px) 100vw, 1681px\" \/>\t\t\t\t\t\t\t\t\t\t\t\t\t\t\t<\/div>\n\t\t\t\t<\/div>\n\t\t\t\t<\/div>\n\t\t\t\t\t<\/div>\n\t\t\t\t<\/div>\n\t\t<div class=\"elementor-element elementor-element-bcefd6d e-flex e-con-boxed e-con e-parent\" data-id=\"bcefd6d\" data-element_type=\"container\">\n\t\t\t\t\t<div class=\"e-con-inner\">\n\t\t\t\t<div class=\"elementor-element elementor-element-42477d3 animated-slow elementor-widget-divider--view-line elementor-invisible elementor-widget elementor-widget-divider\" data-id=\"42477d3\" data-element_type=\"widget\" data-settings=\"{&quot;_animation&quot;:&quot;fadeIn&quot;}\" data-widget_type=\"divider.default\">\n\t\t\t\t<div class=\"elementor-widget-container\">\n\t\t\t\t\t\t\t<div class=\"elementor-divider\">\n\t\t\t<span class=\"elementor-divider-separator\">\n\t\t\t\t\t\t<\/span>\n\t\t<\/div>\n\t\t\t\t\t\t<\/div>\n\t\t\t\t<\/div>\n\t\t\t\t\t<\/div>\n\t\t\t\t<\/div>\n\t\t<div class=\"elementor-element elementor-element-aa276c2 e-flex e-con-boxed e-con e-parent\" data-id=\"aa276c2\" data-element_type=\"container\">\n\t\t\t\t\t<div class=\"e-con-inner\">\n\t\t<div class=\"elementor-element elementor-element-ff827af e-con-full e-flex e-con e-child\" data-id=\"ff827af\" data-element_type=\"container\">\n\t\t\t\t<div class=\"elementor-element elementor-element-4f25da3 elementor-widget elementor-widget-text-editor\" data-id=\"4f25da3\" data-element_type=\"widget\" data-widget_type=\"text-editor.default\">\n\t\t\t\t<div class=\"elementor-widget-container\">\n\t\t\t\t\t\t\t\t\t<p><br \/>Wyposa\u017cony m.in. w: <br \/>&#8211; automatyczn\u0105 skrzyni\u0119 bieg\u00f3w i dynamiczny silnik benzynowy <br \/>&#8211; dwustrefowa klimatyzacja<br \/>&#8211; du\u017cy ekran z nawigacj\u0105 <br \/>&#8211; czujniki parkowania<\/p>\t\t\t\t\t\t\t\t<\/div>\n\t\t\t\t<\/div>\n\t\t\t\t<\/div>\n\t\t<div class=\"elementor-element elementor-element-404931e e-con-full e-flex e-con e-child\" data-id=\"404931e\" data-element_type=\"container\">\n\t\t\t\t<div class=\"elementor-element elementor-element-c8be398 animated-slow elementor-invisible elementor-widget elementor-widget-image\" data-id=\"c8be398\" data-element_type=\"widget\" data-settings=\"{&quot;_animation&quot;:&quot;fadeIn&quot;}\" data-widget_type=\"image.default\">\n\t\t\t\t<div class=\"elementor-widget-container\">\n\t\t\t\t\t\t\t\t\t\t\t\t\t\t\t<img loading=\"lazy\" decoding=\"async\" width=\"1441\" height=\"893\" src=\"https:\/\/mkcarsrental.pl\/wp-content\/uploads\/2025\/07\/megane-iv.png\" class=\"attachment-full size-full wp-image-57\" alt=\"\" srcset=\"https:\/\/mkcarsrental.pl\/wp-content\/uploads\/2025\/07\/megane-iv.png 1441w, https:\/\/mkcarsrental.pl\/wp-content\/uploads\/2025\/07\/megane-iv-300x186.png 300w, https:\/\/mkcarsrental.pl\/wp-content\/uploads\/2025\/07\/megane-iv-1024x635.png 1024w, https:\/\/mkcarsrental.pl\/wp-content\/uploads\/2025\/07\/megane-iv-768x476.png 768w\" sizes=\"(max-width: 1441px) 100vw, 1441px\" \/>\t\t\t\t\t\t\t\t\t\t\t\t\t\t\t<\/div>\n\t\t\t\t<\/div>\n\t\t\t\t<\/div>\n\t\t\t\t\t<\/div>\n\t\t\t\t<\/div>\n\t\t<div class=\"elementor-element elementor-element-880c83e e-flex e-con-boxed e-con e-parent\" data-id=\"880c83e\" data-element_type=\"container\">\n\t\t\t\t\t<div class=\"e-con-inner\">\n\t\t\t\t<div class=\"elementor-element elementor-element-dc4001c animated-slow elementor-widget-divider--view-line elementor-invisible elementor-widget elementor-widget-divider\" data-id=\"dc4001c\" data-element_type=\"widget\" data-settings=\"{&quot;_animation&quot;:&quot;fadeIn&quot;}\" data-widget_type=\"divider.default\">\n\t\t\t\t<div class=\"elementor-widget-container\">\n\t\t\t\t\t\t\t<div class=\"elementor-divider\">\n\t\t\t<span class=\"elementor-divider-separator\">\n\t\t\t\t\t\t<\/span>\n\t\t<\/div>\n\t\t\t\t\t\t<\/div>\n\t\t\t\t<\/div>\n\t\t\t\t\t<\/div>\n\t\t\t\t<\/div>\n\t\t<div class=\"elementor-element elementor-element-4079f41 e-flex e-con-boxed e-con e-parent\" data-id=\"4079f41\" data-element_type=\"container\">\n\t\t\t\t\t<div class=\"e-con-inner\">\n\t\t<div class=\"elementor-element elementor-element-bf2dbdf e-con-full e-flex e-con e-child\" data-id=\"bf2dbdf\" data-element_type=\"container\">\n\t\t\t\t<div class=\"elementor-element elementor-element-90001cd elementor-widget elementor-widget-text-editor\" data-id=\"90001cd\" data-element_type=\"widget\" data-widget_type=\"text-editor.default\">\n\t\t\t\t<div class=\"elementor-widget-container\">\n\t\t\t\t\t\t\t\t\t<p>Wyposa\u017cony m.in. w :<br \/>&#8211; oszcz\u0119dny i dynamiczny silnik benzynowy <br \/>&#8211; automatyczn\u0105 skrzyni\u0119 bieg\u00f3w <br \/>&#8211; dotykowy ekran <br \/>&#8211; dwustrefowa klimatyzacja<br \/>&#8211; asystent pasa ruchu<\/p>\t\t\t\t\t\t\t\t<\/div>\n\t\t\t\t<\/div>\n\t\t\t\t<\/div>\n\t\t<div class=\"elementor-element elementor-element-d94835e e-con-full e-flex e-con e-child\" data-id=\"d94835e\" data-element_type=\"container\">\n\t\t\t\t<div class=\"elementor-element elementor-element-239fcad animated-slow elementor-invisible elementor-widget elementor-widget-image\" data-id=\"239fcad\" data-element_type=\"widget\" data-settings=\"{&quot;_animation&quot;:&quot;fadeIn&quot;}\" data-widget_type=\"image.default\">\n\t\t\t\t<div class=\"elementor-widget-container\">\n\t\t\t\t\t\t\t\t\t\t\t\t\t\t\t<img loading=\"lazy\" decoding=\"async\" width=\"1682\" height=\"1042\" src=\"https:\/\/mkcarsrental.pl\/wp-content\/uploads\/2025\/07\/arkana.png\" class=\"attachment-full size-full wp-image-343\" alt=\"\" srcset=\"https:\/\/mkcarsrental.pl\/wp-content\/uploads\/2025\/07\/arkana.png 1682w, https:\/\/mkcarsrental.pl\/wp-content\/uploads\/2025\/07\/arkana-300x186.png 300w, https:\/\/mkcarsrental.pl\/wp-content\/uploads\/2025\/07\/arkana-1024x634.png 1024w, https:\/\/mkcarsrental.pl\/wp-content\/uploads\/2025\/07\/arkana-768x476.png 768w, https:\/\/mkcarsrental.pl\/wp-content\/uploads\/2025\/07\/arkana-1536x952.png 1536w\" sizes=\"(max-width: 1682px) 100vw, 1682px\" \/>\t\t\t\t\t\t\t\t\t\t\t\t\t\t\t<\/div>\n\t\t\t\t<\/div>\n\t\t\t\t<\/div>\n\t\t\t\t\t<\/div>\n\t\t\t\t<\/div>\n\t\t<div class=\"elementor-element elementor-element-a06c516 e-flex e-con-boxed e-con e-parent\" data-id=\"a06c516\" data-element_type=\"container\">\n\t\t\t\t\t<div class=\"e-con-inner\">\n\t\t\t\t<div class=\"elementor-element elementor-element-10921b0 animated-slow elementor-widget-divider--view-line elementor-invisible elementor-widget elementor-widget-divider\" data-id=\"10921b0\" data-element_type=\"widget\" data-settings=\"{&quot;_animation&quot;:&quot;fadeIn&quot;}\" data-widget_type=\"divider.default\">\n\t\t\t\t<div class=\"elementor-widget-container\">\n\t\t\t\t\t\t\t<div class=\"elementor-divider\">\n\t\t\t<span class=\"elementor-divider-separator\">\n\t\t\t\t\t\t<\/span>\n\t\t<\/div>\n\t\t\t\t\t\t<\/div>\n\t\t\t\t<\/div>\n\t\t\t\t\t<\/div>\n\t\t\t\t<\/div>\n\t\t<div class=\"elementor-element elementor-element-1bd5641 e-flex e-con-boxed e-con e-parent\" data-id=\"1bd5641\" data-element_type=\"container\">\n\t\t\t\t\t<div class=\"e-con-inner\">\n\t\t<div class=\"elementor-element elementor-element-aacb5bc e-con-full e-flex e-con e-child\" data-id=\"aacb5bc\" data-element_type=\"container\">\n\t\t\t\t<div class=\"elementor-element elementor-element-80fa1a6 elementor-widget elementor-widget-text-editor\" data-id=\"80fa1a6\" data-element_type=\"widget\" data-widget_type=\"text-editor.default\">\n\t\t\t\t<div class=\"elementor-widget-container\">\n\t\t\t\t\t\t\t\t\t<p><br \/>Wyposa\u017cony m.in. w: <br \/>&#8211; automatyczn\u0105 skrzyni\u0119 bieg\u00f3w <br \/>&#8211; 211 konny silnik benzynowy <br \/>&#8211; nap\u0119d na 4 ko\u0142a <br \/>&#8211; pakiet stylistyczny amg<br \/>&#8211; \u015bwiat\u0142a led <br \/>&#8211; o\u015bwietlenie ambiente<br \/>&#8211; klimatronik dwustrefowy <br \/>&#8211; du\u017cy ekran <br \/>&#8211; podgrzewane przednie fotele <br \/>&#8211; zmienne tryby jazdy<br \/>&#8211; sk\u00f3rzane fotele<\/p>\t\t\t\t\t\t\t\t<\/div>\n\t\t\t\t<\/div>\n\t\t\t\t<\/div>\n\t\t<div class=\"elementor-element elementor-element-961dcf7 e-con-full e-flex e-con e-child\" data-id=\"961dcf7\" data-element_type=\"container\">\n\t\t\t\t<div class=\"elementor-element elementor-element-00a3522 animated-slow elementor-invisible elementor-widget elementor-widget-image\" data-id=\"00a3522\" data-element_type=\"widget\" data-settings=\"{&quot;_animation&quot;:&quot;fadeIn&quot;}\" data-widget_type=\"image.default\">\n\t\t\t\t<div class=\"elementor-widget-container\">\n\t\t\t\t\t\t\t\t\t\t\t\t\t\t\t<img loading=\"lazy\" decoding=\"async\" width=\"1681\" height=\"1041\" src=\"https:\/\/mkcarsrental.pl\/wp-content\/uploads\/2025\/07\/mercedes.png\" class=\"attachment-full size-full wp-image-153\" alt=\"\" srcset=\"https:\/\/mkcarsrental.pl\/wp-content\/uploads\/2025\/07\/mercedes.png 1681w, https:\/\/mkcarsrental.pl\/wp-content\/uploads\/2025\/07\/mercedes-300x186.png 300w, https:\/\/mkcarsrental.pl\/wp-content\/uploads\/2025\/07\/mercedes-1024x634.png 1024w, https:\/\/mkcarsrental.pl\/wp-content\/uploads\/2025\/07\/mercedes-768x476.png 768w, https:\/\/mkcarsrental.pl\/wp-content\/uploads\/2025\/07\/mercedes-1536x951.png 1536w\" sizes=\"(max-width: 1681px) 100vw, 1681px\" \/>\t\t\t\t\t\t\t\t\t\t\t\t\t\t\t<\/div>\n\t\t\t\t<\/div>\n\t\t\t\t<\/div>\n\t\t\t\t\t<\/div>\n\t\t\t\t<\/div>\n\t\t<div class=\"elementor-element elementor-element-8a6d85d e-flex e-con-boxed e-con e-parent\" data-id=\"8a6d85d\" data-element_type=\"container\">\n\t\t\t\t\t<div class=\"e-con-inner\">\n\t\t\t\t<div class=\"elementor-element elementor-element-b5969ca animated-slow elementor-widget-divider--view-line elementor-invisible elementor-widget elementor-widget-divider\" data-id=\"b5969ca\" data-element_type=\"widget\" data-settings=\"{&quot;_animation&quot;:&quot;fadeIn&quot;}\" data-widget_type=\"divider.default\">\n\t\t\t\t<div class=\"elementor-widget-container\">\n\t\t\t\t\t\t\t<div class=\"elementor-divider\">\n\t\t\t<span class=\"elementor-divider-separator\">\n\t\t\t\t\t\t<\/span>\n\t\t<\/div>\n\t\t\t\t\t\t<\/div>\n\t\t\t\t<\/div>\n\t\t\t\t\t<\/div>\n\t\t\t\t<\/div>\n\t\t<div class=\"elementor-element elementor-element-41bc441 e-flex e-con-boxed e-con e-parent\" data-id=\"41bc441\" data-element_type=\"container\">\n\t\t\t\t\t<div class=\"e-con-inner\">\n\t\t<div class=\"elementor-element elementor-element-1d70163 e-con-full e-flex e-con e-child\" data-id=\"1d70163\" data-element_type=\"container\">\n\t\t\t\t<div class=\"elementor-element elementor-element-353142d elementor-widget elementor-widget-text-editor\" data-id=\"353142d\" data-element_type=\"widget\" data-widget_type=\"text-editor.default\">\n\t\t\t\t<div class=\"elementor-widget-container\">\n\t\t\t\t\t\t\t\t\t<p>Wyposa\u017cony m.in. w :<br \/>&#8211; oszcz\u0119dny i dynamiczny silnik diesla<br \/>&#8211; automatyczn\u0105 skrzyni\u0119 bieg\u00f3w <br \/>&#8211; nap\u0119d na 4 ko\u0142a <br \/>&#8211; podgrzewane fotele <br \/>&#8211; dwustrefowa klimatyzacja <br \/>&#8211; aktywny tempomat <br \/>&#8211; du\u017cy ekran <br \/>&#8211; sterowanie multimediami za pomoc\u0105 gest\u00f3w<\/p>\t\t\t\t\t\t\t\t<\/div>\n\t\t\t\t<\/div>\n\t\t\t\t<\/div>\n\t\t<div class=\"elementor-element elementor-element-e834d58 e-con-full e-flex e-con e-child\" data-id=\"e834d58\" data-element_type=\"container\">\n\t\t\t\t<div class=\"elementor-element elementor-element-040df16 animated-slow elementor-invisible elementor-widget elementor-widget-image\" data-id=\"040df16\" data-element_type=\"widget\" data-settings=\"{&quot;_animation&quot;:&quot;fadeIn&quot;}\" data-widget_type=\"image.default\">\n\t\t\t\t<div class=\"elementor-widget-container\">\n\t\t\t\t\t\t\t\t\t\t\t\t\t\t\t<img loading=\"lazy\" decoding=\"async\" width=\"1681\" height=\"1041\" src=\"https:\/\/mkcarsrental.pl\/wp-content\/uploads\/2025\/07\/x3.png\" class=\"attachment-full size-full wp-image-338\" alt=\"\" srcset=\"https:\/\/mkcarsrental.pl\/wp-content\/uploads\/2025\/07\/x3.png 1681w, https:\/\/mkcarsrental.pl\/wp-content\/uploads\/2025\/07\/x3-300x186.png 300w, https:\/\/mkcarsrental.pl\/wp-content\/uploads\/2025\/07\/x3-1024x634.png 1024w, https:\/\/mkcarsrental.pl\/wp-content\/uploads\/2025\/07\/x3-768x476.png 768w, https:\/\/mkcarsrental.pl\/wp-content\/uploads\/2025\/07\/x3-1536x951.png 1536w\" sizes=\"(max-width: 1681px) 100vw, 1681px\" \/>\t\t\t\t\t\t\t\t\t\t\t\t\t\t\t<\/div>\n\t\t\t\t<\/div>\n\t\t\t\t<\/div>\n\t\t\t\t\t<\/div>\n\t\t\t\t<\/div>\n\t\t<div class=\"elementor-element elementor-element-ac76ed8 e-flex e-con-boxed e-con e-parent\" data-id=\"ac76ed8\" data-element_type=\"container\">\n\t\t\t\t\t<div class=\"e-con-inner\">\n\t\t\t\t<div class=\"elementor-element elementor-element-1987075 animated-slow elementor-widget-divider--view-line elementor-invisible elementor-widget elementor-widget-divider\" data-id=\"1987075\" data-element_type=\"widget\" data-settings=\"{&quot;_animation&quot;:&quot;fadeIn&quot;}\" data-widget_type=\"divider.default\">\n\t\t\t\t<div class=\"elementor-widget-container\">\n\t\t\t\t\t\t\t<div class=\"elementor-divider\">\n\t\t\t<span class=\"elementor-divider-separator\">\n\t\t\t\t\t\t<\/span>\n\t\t<\/div>\n\t\t\t\t\t\t<\/div>\n\t\t\t\t<\/div>\n\t\t\t\t\t<\/div>\n\t\t\t\t<\/div>\n\t\t<div class=\"elementor-element elementor-element-e8d11e0 e-flex e-con-boxed e-con e-parent\" data-id=\"e8d11e0\" data-element_type=\"container\">\n\t\t\t\t\t<div class=\"e-con-inner\">\n\t\t<div class=\"elementor-element elementor-element-a4b087e e-con-full e-flex e-con e-child\" data-id=\"a4b087e\" data-element_type=\"container\">\n\t\t\t\t<div class=\"elementor-element elementor-element-f4e2b37 elementor-widget elementor-widget-text-editor\" data-id=\"f4e2b37\" data-element_type=\"widget\" data-widget_type=\"text-editor.default\">\n\t\t\t\t<div class=\"elementor-widget-container\">\n\t\t\t\t\t\t\t\t\t<p><br \/>Wyposa\u017cony m.in. w: <br \/>&#8211; automatyczn\u0105 skrzyni\u0119 bieg\u00f3w<br \/>&#8211; 240 konny silnik diesla <br \/>&#8211; nap\u0119d na 4 ko\u0142a <br \/>&#8211; rozbudowane multimedia, dotykowy ekran<br \/>&#8211; podgrzewane wszystkie fotele<br \/>&#8211; podgrzewana kierownica <br \/>&#8211; podgrzewana przednia szyba <br \/>&#8211; panoramiczny dach <br \/>&#8211; \u015bwiat\u0142a led<br \/>&#8211; zmienne tryby jazdy<\/p>\t\t\t\t\t\t\t\t<\/div>\n\t\t\t\t<\/div>\n\t\t\t\t<\/div>\n\t\t<div class=\"elementor-element elementor-element-f521d94 e-con-full e-flex e-con e-child\" data-id=\"f521d94\" data-element_type=\"container\">\n\t\t\t\t<div class=\"elementor-element elementor-element-a3a2614 animated-slow elementor-invisible elementor-widget elementor-widget-image\" data-id=\"a3a2614\" data-element_type=\"widget\" data-settings=\"{&quot;_animation&quot;:&quot;fadeIn&quot;}\" data-widget_type=\"image.default\">\n\t\t\t\t<div class=\"elementor-widget-container\">\n\t\t\t\t\t\t\t\t\t\t\t\t\t\t\t<img loading=\"lazy\" decoding=\"async\" width=\"1681\" height=\"1047\" src=\"https:\/\/mkcarsrental.pl\/wp-content\/uploads\/2025\/07\/jaguar.png\" class=\"attachment-full size-full wp-image-152\" alt=\"\" srcset=\"https:\/\/mkcarsrental.pl\/wp-content\/uploads\/2025\/07\/jaguar.png 1681w, https:\/\/mkcarsrental.pl\/wp-content\/uploads\/2025\/07\/jaguar-300x187.png 300w, https:\/\/mkcarsrental.pl\/wp-content\/uploads\/2025\/07\/jaguar-1024x638.png 1024w, https:\/\/mkcarsrental.pl\/wp-content\/uploads\/2025\/07\/jaguar-768x478.png 768w, https:\/\/mkcarsrental.pl\/wp-content\/uploads\/2025\/07\/jaguar-1536x957.png 1536w\" sizes=\"(max-width: 1681px) 100vw, 1681px\" \/>\t\t\t\t\t\t\t\t\t\t\t\t\t\t\t<\/div>\n\t\t\t\t<\/div>\n\t\t\t\t<\/div>\n\t\t\t\t\t<\/div>\n\t\t\t\t<\/div>\n\t\t<div class=\"elementor-element elementor-element-1bd9f57 e-flex e-con-boxed e-con e-parent\" data-id=\"1bd9f57\" data-element_type=\"container\">\n\t\t\t\t\t<div class=\"e-con-inner\">\n\t\t\t\t<div class=\"elementor-element elementor-element-2eca0a1 animated-slow elementor-widget-divider--view-line elementor-invisible elementor-widget elementor-widget-divider\" data-id=\"2eca0a1\" data-element_type=\"widget\" data-settings=\"{&quot;_animation&quot;:&quot;fadeIn&quot;}\" data-widget_type=\"divider.default\">\n\t\t\t\t<div class=\"elementor-widget-container\">\n\t\t\t\t\t\t\t<div class=\"elementor-divider\">\n\t\t\t<span class=\"elementor-divider-separator\">\n\t\t\t\t\t\t<\/span>\n\t\t<\/div>\n\t\t\t\t\t\t<\/div>\n\t\t\t\t<\/div>\n\t\t\t\t\t<\/div>\n\t\t\t\t<\/div>\n\t\t<div class=\"elementor-element elementor-element-d879140 e-flex e-con-boxed e-con e-parent\" data-id=\"d879140\" data-element_type=\"container\">\n\t\t\t\t\t<div class=\"e-con-inner\">\n\t\t<div class=\"elementor-element elementor-element-010d6c1 e-con-full e-flex e-con e-child\" data-id=\"010d6c1\" data-element_type=\"container\">\n\t\t\t\t<div class=\"elementor-element elementor-element-fee4884 elementor-widget elementor-widget-text-editor\" data-id=\"fee4884\" data-element_type=\"widget\" data-widget_type=\"text-editor.default\">\n\t\t\t\t<div class=\"elementor-widget-container\">\n\t\t\t\t\t\t\t\t\t<p>Wersja long z du\u017cym baga\u017cnikiem<\/p><p><br \/>Wyposa\u017cony m.in. w : <br \/>&#8211; manualn\u0105 6-cio biegow\u0105 skrzyni\u0119 bieg\u00f3w <br \/>&#8211; oszcz\u0119dny i dynamiczny silnik diesla<br \/>&#8211; klimatyzacj\u0119 z nawiewami we wszystkich rz\u0119dach siedze\u0144 <br \/>&#8211; radio z Bluetooth <br \/>&#8211; przyciemnione szyby<\/p>\t\t\t\t\t\t\t\t<\/div>\n\t\t\t\t<\/div>\n\t\t\t\t<\/div>\n\t\t<div class=\"elementor-element elementor-element-711ce51 e-con-full e-flex e-con e-child\" data-id=\"711ce51\" data-element_type=\"container\">\n\t\t\t\t<div class=\"elementor-element elementor-element-e12cb8d animated-slow elementor-invisible elementor-widget elementor-widget-image\" data-id=\"e12cb8d\" data-element_type=\"widget\" data-settings=\"{&quot;_animation&quot;:&quot;fadeIn&quot;}\" data-widget_type=\"image.default\">\n\t\t\t\t<div class=\"elementor-widget-container\">\n\t\t\t\t\t\t\t\t\t\t\t\t\t\t\t<img loading=\"lazy\" decoding=\"async\" width=\"1681\" height=\"1041\" src=\"https:\/\/mkcarsrental.pl\/wp-content\/uploads\/2025\/07\/vivaro.png\" class=\"attachment-full size-full wp-image-332\" alt=\"\" srcset=\"https:\/\/mkcarsrental.pl\/wp-content\/uploads\/2025\/07\/vivaro.png 1681w, https:\/\/mkcarsrental.pl\/wp-content\/uploads\/2025\/07\/vivaro-300x186.png 300w, https:\/\/mkcarsrental.pl\/wp-content\/uploads\/2025\/07\/vivaro-1024x634.png 1024w, https:\/\/mkcarsrental.pl\/wp-content\/uploads\/2025\/07\/vivaro-768x476.png 768w, https:\/\/mkcarsrental.pl\/wp-content\/uploads\/2025\/07\/vivaro-1536x951.png 1536w\" sizes=\"(max-width: 1681px) 100vw, 1681px\" \/>\t\t\t\t\t\t\t\t\t\t\t\t\t\t\t<\/div>\n\t\t\t\t<\/div>\n\t\t\t\t<\/div>\n\t\t\t\t\t<\/div>\n\t\t\t\t<\/div>\n\t\t<div class=\"elementor-element elementor-element-67a1472 e-flex e-con-boxed e-con e-parent\" data-id=\"67a1472\" data-element_type=\"container\">\n\t\t\t\t\t<div class=\"e-con-inner\">\n\t\t\t\t<div class=\"elementor-element elementor-element-11aff63 animated-slow elementor-widget-divider--view-line elementor-invisible elementor-widget elementor-widget-divider\" data-id=\"11aff63\" data-element_type=\"widget\" data-settings=\"{&quot;_animation&quot;:&quot;fadeIn&quot;}\" data-widget_type=\"divider.default\">\n\t\t\t\t<div class=\"elementor-widget-container\">\n\t\t\t\t\t\t\t<div class=\"elementor-divider\">\n\t\t\t<span class=\"elementor-divider-separator\">\n\t\t\t\t\t\t<\/span>\n\t\t<\/div>\n\t\t\t\t\t\t<\/div>\n\t\t\t\t<\/div>\n\t\t\t\t\t<\/div>\n\t\t\t\t<\/div>\n\t\t<div class=\"elementor-element elementor-element-3b23a6b e-flex e-con-boxed e-con e-parent\" data-id=\"3b23a6b\" data-element_type=\"container\" data-settings=\"{&quot;background_background&quot;:&quot;classic&quot;}\">\n\t\t\t\t\t<div class=\"e-con-inner\">\n\t\t\t\t<div class=\"elementor-element elementor-element-cf323cd elementor-align-center elementor-widget elementor-widget-button\" data-id=\"cf323cd\" data-element_type=\"widget\" data-widget_type=\"button.default\">\n\t\t\t\t<div class=\"elementor-widget-container\">\n\t\t\t\t\t\t\t\t\t<div class=\"elementor-button-wrapper\">\n\t\t\t\t\t<a class=\"elementor-button elementor-button-link elementor-size-sm\" href=\"https:\/\/mkcarsrental.pl\/\">\n\t\t\t\t\t\t<span class=\"elementor-button-content-wrapper\">\n\t\t\t\t\t\t<span class=\"elementor-button-icon\">\n\t\t\t\t<svg aria-hidden=\"true\" class=\"e-font-icon-svg e-fas-arrow-circle-left\" viewBox=\"0 0 512 512\" xmlns=\"http:\/\/www.w3.org\/2000\/svg\"><path d=\"M256 504C119 504 8 393 8 256S119 8 256 8s248 111 248 248-111 248-248 248zm28.9-143.6L209.4 288H392c13.3 0 24-10.7 24-24v-16c0-13.3-10.7-24-24-24H209.4l75.5-72.4c9.7-9.3 9.9-24.8.4-34.3l-11-10.9c-9.4-9.4-24.6-9.4-33.9 0L107.7 239c-9.4 9.4-9.4 24.6 0 33.9l132.7 132.7c9.4 9.4 24.6 9.4 33.9 0l11-10.9c9.5-9.5 9.3-25-.4-34.3z\"><\/path><\/svg>\t\t\t<\/span>\n\t\t\t\t\t\t\t\t\t<span class=\"elementor-button-text\">Powr\u00f3t na stron\u0119 g\u0142\u00f3wn\u0105<\/span>\n\t\t\t\t\t<\/span>\n\t\t\t\t\t<\/a>\n\t\t\t\t<\/div>\n\t\t\t\t\t\t\t\t<\/div>\n\t\t\t\t<\/div>\n\t\t\t\t\t<\/div>\n\t\t\t\t<\/div>\n\t\t\t\t<\/div>\n\t\t","protected":false},"excerpt":{"rendered":"<p>Zapraszamy do zapoznania si\u0119 z nasz\u0105 ofert\u0105. Poni\u017cej znajd\u0105 Pa\u0144stwo list\u0119 dost\u0119pnych pojazd\u00f3w na wynajem. Zapraszamy do kontaktu Nasza Oferta: Najmniejsze auto w naszej ofercie Wyposa\u017cony m.in. w: &#8211; manualn\u0105 skrzyni\u0119 bieg\u00f3w i bardzo oszcz\u0119dny silnik benzynowy &#8211; klimatyzacja &#8211; elektryczne szyby &#8211; radio z Bluetooth Ma\u0142y miejski samoch\u00f3d z bardzo bogatym wyposa\u017ceniem m.in. : [&hellip;]<\/p>\n","protected":false},"author":1,"featured_media":0,"parent":0,"menu_order":0,"comment_status":"closed","ping_status":"closed","template":"","meta":{"footnotes":""},"class_list":["post-39","page","type-page","status-publish","hentry"],"yoast_head":"<!-- This site is optimized with the Yoast SEO plugin v26.3 - https:\/\/yoast.com\/wordpress\/plugins\/seo\/ -->\n<title>Oferta - M&amp;K Cars Rental<\/title>\n<meta name=\"robots\" content=\"index, follow, max-snippet:-1, max-image-preview:large, max-video-preview:-1\" \/>\n<link rel=\"canonical\" href=\"https:\/\/mkcarsrental.pl\/index.php\/oferta\/\" \/>\n<meta property=\"og:locale\" content=\"pl_PL\" \/>\n<meta property=\"og:type\" content=\"article\" \/>\n<meta property=\"og:title\" content=\"Oferta - M&amp;K Cars Rental\" \/>\n<meta property=\"og:description\" content=\"Zapraszamy do zapoznania si\u0119 z nasz\u0105 ofert\u0105. Poni\u017cej znajd\u0105 Pa\u0144stwo list\u0119 dost\u0119pnych pojazd\u00f3w na wynajem. Zapraszamy do kontaktu Nasza Oferta: Najmniejsze auto w naszej ofercie Wyposa\u017cony m.in. w: &#8211; manualn\u0105 skrzyni\u0119 bieg\u00f3w i bardzo oszcz\u0119dny silnik benzynowy &#8211; klimatyzacja &#8211; elektryczne szyby &#8211; radio z Bluetooth Ma\u0142y miejski samoch\u00f3d z bardzo bogatym wyposa\u017ceniem m.in. : [&hellip;]\" \/>\n<meta property=\"og:url\" content=\"https:\/\/mkcarsrental.pl\/index.php\/oferta\/\" \/>\n<meta property=\"og:site_name\" content=\"M&amp;K Cars Rental\" \/>\n<meta property=\"article:modified_time\" content=\"2025-07-30T16:10:10+00:00\" \/>\n<meta property=\"og:image\" content=\"https:\/\/mkcarsrental.pl\/wp-content\/uploads\/2025\/07\/twingo.png\" \/>\n<meta name=\"twitter:card\" content=\"summary_large_image\" \/>\n<meta name=\"twitter:label1\" content=\"Szacowany czas czytania\" \/>\n\t<meta name=\"twitter:data1\" content=\"5 minut\" \/>\n<script type=\"application\/ld+json\" class=\"yoast-schema-graph\">{\"@context\":\"https:\/\/schema.org\",\"@graph\":[{\"@type\":\"WebPage\",\"@id\":\"https:\/\/mkcarsrental.pl\/index.php\/oferta\/\",\"url\":\"https:\/\/mkcarsrental.pl\/index.php\/oferta\/\",\"name\":\"Oferta - M&amp;K Cars Rental\",\"isPartOf\":{\"@id\":\"https:\/\/mkcarsrental.pl\/#website\"},\"primaryImageOfPage\":{\"@id\":\"https:\/\/mkcarsrental.pl\/index.php\/oferta\/#primaryimage\"},\"image\":{\"@id\":\"https:\/\/mkcarsrental.pl\/index.php\/oferta\/#primaryimage\"},\"thumbnailUrl\":\"https:\/\/mkcarsrental.pl\/wp-content\/uploads\/2025\/07\/twingo.png\",\"datePublished\":\"2025-07-01T12:43:54+00:00\",\"dateModified\":\"2025-07-30T16:10:10+00:00\",\"breadcrumb\":{\"@id\":\"https:\/\/mkcarsrental.pl\/index.php\/oferta\/#breadcrumb\"},\"inLanguage\":\"pl-PL\",\"potentialAction\":[{\"@type\":\"ReadAction\",\"target\":[\"https:\/\/mkcarsrental.pl\/index.php\/oferta\/\"]}]},{\"@type\":\"ImageObject\",\"inLanguage\":\"pl-PL\",\"@id\":\"https:\/\/mkcarsrental.pl\/index.php\/oferta\/#primaryimage\",\"url\":\"https:\/\/mkcarsrental.pl\/wp-content\/uploads\/2025\/07\/twingo.png\",\"contentUrl\":\"https:\/\/mkcarsrental.pl\/wp-content\/uploads\/2025\/07\/twingo.png\",\"width\":1682,\"height\":1042},{\"@type\":\"BreadcrumbList\",\"@id\":\"https:\/\/mkcarsrental.pl\/index.php\/oferta\/#breadcrumb\",\"itemListElement\":[{\"@type\":\"ListItem\",\"position\":1,\"name\":\"Strona g\u0142\u00f3wna\",\"item\":\"https:\/\/mkcarsrental.pl\/\"},{\"@type\":\"ListItem\",\"position\":2,\"name\":\"Oferta\"}]},{\"@type\":\"WebSite\",\"@id\":\"https:\/\/mkcarsrental.pl\/#website\",\"url\":\"https:\/\/mkcarsrental.pl\/\",\"name\":\"M&amp;K Cars Rental\",\"description\":\"Wynajem Samochod\u00f3w\",\"publisher\":{\"@id\":\"https:\/\/mkcarsrental.pl\/#organization\"},\"potentialAction\":[{\"@type\":\"SearchAction\",\"target\":{\"@type\":\"EntryPoint\",\"urlTemplate\":\"https:\/\/mkcarsrental.pl\/?s={search_term_string}\"},\"query-input\":{\"@type\":\"PropertyValueSpecification\",\"valueRequired\":true,\"valueName\":\"search_term_string\"}}],\"inLanguage\":\"pl-PL\"},{\"@type\":\"Organization\",\"@id\":\"https:\/\/mkcarsrental.pl\/#organization\",\"name\":\"M&amp;K Cars Rental\",\"url\":\"https:\/\/mkcarsrental.pl\/\",\"logo\":{\"@type\":\"ImageObject\",\"inLanguage\":\"pl-PL\",\"@id\":\"https:\/\/mkcarsrental.pl\/#\/schema\/logo\/image\/\",\"url\":\"https:\/\/mkcarsrental.pl\/wp-content\/uploads\/2025\/06\/mkcars-logo-1.png\",\"contentUrl\":\"https:\/\/mkcarsrental.pl\/wp-content\/uploads\/2025\/06\/mkcars-logo-1.png\",\"width\":351,\"height\":101,\"caption\":\"M&amp;K Cars Rental\"},\"image\":{\"@id\":\"https:\/\/mkcarsrental.pl\/#\/schema\/logo\/image\/\"}}]}<\/script>\n<!-- \/ Yoast SEO plugin. -->","yoast_head_json":{"title":"Oferta - M&amp;K Cars Rental","robots":{"index":"index","follow":"follow","max-snippet":"max-snippet:-1","max-image-preview":"max-image-preview:large","max-video-preview":"max-video-preview:-1"},"canonical":"https:\/\/mkcarsrental.pl\/index.php\/oferta\/","og_locale":"pl_PL","og_type":"article","og_title":"Oferta - M&amp;K Cars Rental","og_description":"Zapraszamy do zapoznania si\u0119 z nasz\u0105 ofert\u0105. Poni\u017cej znajd\u0105 Pa\u0144stwo list\u0119 dost\u0119pnych pojazd\u00f3w na wynajem. Zapraszamy do kontaktu Nasza Oferta: Najmniejsze auto w naszej ofercie Wyposa\u017cony m.in. w: &#8211; manualn\u0105 skrzyni\u0119 bieg\u00f3w i bardzo oszcz\u0119dny silnik benzynowy &#8211; klimatyzacja &#8211; elektryczne szyby &#8211; radio z Bluetooth Ma\u0142y miejski samoch\u00f3d z bardzo bogatym wyposa\u017ceniem m.in. : [&hellip;]","og_url":"https:\/\/mkcarsrental.pl\/index.php\/oferta\/","og_site_name":"M&amp;K Cars Rental","article_modified_time":"2025-07-30T16:10:10+00:00","og_image":[{"url":"https:\/\/mkcarsrental.pl\/wp-content\/uploads\/2025\/07\/twingo.png","type":"","width":"","height":""}],"twitter_card":"summary_large_image","twitter_misc":{"Szacowany czas czytania":"5 minut"},"schema":{"@context":"https:\/\/schema.org","@graph":[{"@type":"WebPage","@id":"https:\/\/mkcarsrental.pl\/index.php\/oferta\/","url":"https:\/\/mkcarsrental.pl\/index.php\/oferta\/","name":"Oferta - M&amp;K Cars Rental","isPartOf":{"@id":"https:\/\/mkcarsrental.pl\/#website"},"primaryImageOfPage":{"@id":"https:\/\/mkcarsrental.pl\/index.php\/oferta\/#primaryimage"},"image":{"@id":"https:\/\/mkcarsrental.pl\/index.php\/oferta\/#primaryimage"},"thumbnailUrl":"https:\/\/mkcarsrental.pl\/wp-content\/uploads\/2025\/07\/twingo.png","datePublished":"2025-07-01T12:43:54+00:00","dateModified":"2025-07-30T16:10:10+00:00","breadcrumb":{"@id":"https:\/\/mkcarsrental.pl\/index.php\/oferta\/#breadcrumb"},"inLanguage":"pl-PL","potentialAction":[{"@type":"ReadAction","target":["https:\/\/mkcarsrental.pl\/index.php\/oferta\/"]}]},{"@type":"ImageObject","inLanguage":"pl-PL","@id":"https:\/\/mkcarsrental.pl\/index.php\/oferta\/#primaryimage","url":"https:\/\/mkcarsrental.pl\/wp-content\/uploads\/2025\/07\/twingo.png","contentUrl":"https:\/\/mkcarsrental.pl\/wp-content\/uploads\/2025\/07\/twingo.png","width":1682,"height":1042},{"@type":"BreadcrumbList","@id":"https:\/\/mkcarsrental.pl\/index.php\/oferta\/#breadcrumb","itemListElement":[{"@type":"ListItem","position":1,"name":"Strona g\u0142\u00f3wna","item":"https:\/\/mkcarsrental.pl\/"},{"@type":"ListItem","position":2,"name":"Oferta"}]},{"@type":"WebSite","@id":"https:\/\/mkcarsrental.pl\/#website","url":"https:\/\/mkcarsrental.pl\/","name":"M&amp;K Cars Rental","description":"Wynajem Samochod\u00f3w","publisher":{"@id":"https:\/\/mkcarsrental.pl\/#organization"},"potentialAction":[{"@type":"SearchAction","target":{"@type":"EntryPoint","urlTemplate":"https:\/\/mkcarsrental.pl\/?s={search_term_string}"},"query-input":{"@type":"PropertyValueSpecification","valueRequired":true,"valueName":"search_term_string"}}],"inLanguage":"pl-PL"},{"@type":"Organization","@id":"https:\/\/mkcarsrental.pl\/#organization","name":"M&amp;K Cars Rental","url":"https:\/\/mkcarsrental.pl\/","logo":{"@type":"ImageObject","inLanguage":"pl-PL","@id":"https:\/\/mkcarsrental.pl\/#\/schema\/logo\/image\/","url":"https:\/\/mkcarsrental.pl\/wp-content\/uploads\/2025\/06\/mkcars-logo-1.png","contentUrl":"https:\/\/mkcarsrental.pl\/wp-content\/uploads\/2025\/06\/mkcars-logo-1.png","width":351,"height":101,"caption":"M&amp;K Cars Rental"},"image":{"@id":"https:\/\/mkcarsrental.pl\/#\/schema\/logo\/image\/"}}]}},"_links":{"self":[{"href":"https:\/\/mkcarsrental.pl\/index.php\/wp-json\/wp\/v2\/pages\/39","targetHints":{"allow":["GET"]}}],"collection":[{"href":"https:\/\/mkcarsrental.pl\/index.php\/wp-json\/wp\/v2\/pages"}],"about":[{"href":"https:\/\/mkcarsrental.pl\/index.php\/wp-json\/wp\/v2\/types\/page"}],"author":[{"embeddable":true,"href":"https:\/\/mkcarsrental.pl\/index.php\/wp-json\/wp\/v2\/users\/1"}],"replies":[{"embeddable":true,"href":"https:\/\/mkcarsrental.pl\/index.php\/wp-json\/wp\/v2\/comments?post=39"}],"version-history":[{"count":125,"href":"https:\/\/mkcarsrental.pl\/index.php\/wp-json\/wp\/v2\/pages\/39\/revisions"}],"predecessor-version":[{"id":432,"href":"https:\/\/mkcarsrental.pl\/index.php\/wp-json\/wp\/v2\/pages\/39\/revisions\/432"}],"wp:attachment":[{"href":"https:\/\/mkcarsrental.pl\/index.php\/wp-json\/wp\/v2\/media?parent=39"}],"curies":[{"name":"wp","href":"https:\/\/api.w.org\/{rel}","templated":true}]}}